{"id":34585,"date":"2022-09-14T21:07:03","date_gmt":"2022-09-14T19:07:03","guid":{"rendered":"https:\/\/baturina-homewear.com\/product\/teekannenwaermer-gold-baumwolle\/"},"modified":"2025-07-23T15:17:24","modified_gmt":"2025-07-23T13:17:24","slug":"teewarmer-baumwolle-kuppel","status":"publish","type":"product","link":"https:\/\/baturina-homewear.com\/de\/produkt\/teewarmer-baumwolle-kuppel\/","title":{"rendered":"Teew\u00e4rmer Baumwolle &#8222;Kuppel&#8220;"},"content":{"rendered":"<p>Mit unseren gesteppten Teekannenw\u00e4rmern aus Baumwolle in einer breiten Farbpalette halten Sie Ihren Tee und Ihre Getr\u00e4nke lange warm. Dieser kuppelf\u00f6rmige Teekannenw\u00e4rmer ist vollst\u00e4ndig gesteppt und mit Baumwollfutter gef\u00fcttert.  Es ist mit Paspeln versehen und hat eine Schlaufe zum Anheben des Deckels. Unsere Teekannenw\u00e4rmer sind sowohl n\u00fctzliche K\u00fcchenhelfer als auch ein auff\u00e4lliges Accessoire f\u00fcr Ihr Zuhause, mit dem Sie auch bei k\u00fchlen Temperaturen Energie sparen k\u00f6nnen. H\u00e4lt die W\u00e4rme f\u00fcr etwa 6 Stunden. Passt auf die meisten Teekannen.<\/p>\n<p>H\u00f6he 25 cm (9 13\/16 Zoll), Durchmesser 25 cm (9 13\/16 Zoll)<\/p>\n<p>Material und Pflege: 100% Baumwolle. Separate Maschinenw\u00e4sche bei 30\u00b0C, nicht im Trockner trocknen, nicht b\u00fcgeln.<\/p>\n","protected":false},"excerpt":{"rendered":"<p>Mit unseren gesteppten Teekannenw\u00e4rmern aus Baumwolle in einer breiten Farbpalette halten Sie Ihren Tee und Ihre Getr\u00e4nke lange warm. Dieser<\/p>\n","protected":false},"featured_media":34213,"comment_status":"open","ping_status":"closed","template":"","meta":[],"product_brand":[],"product_cat":[654],"product_tag":[],"class_list":{"0":"post-34585","1":"product","2":"type-product","3":"status-publish","4":"has-post-thumbnail","6":"product_cat-geschenke","7":"product_shipping_class-kleine-box","8":"pa_color-gold-de","9":"pa_color-swatch-gold-de","10":"pa_color-swatch-granatapfel-rot","11":"pa_color-swatch-hellblau","12":"pa_color-swatch-honiggelb","13":"pa_color-swatch-macha-grun","14":"pa_color-swatch-olivgrun","15":"pa_color-swatch-pistaziengrun","16":"pa_color-swatch-schwarz","17":"pa_color-swatch-stahlgrau","18":"pa_color-swatch-violett","19":"pa_color-swatch-weinrot","21":"first","22":"instock","23":"taxable","24":"shipping-taxable","25":"purchasable","26":"product-type-variable","27":"has-default-attributes"},"_links":{"self":[{"href":"https:\/\/baturina-homewear.com\/de\/wp-json\/wp\/v2\/product\/34585","targetHints":{"allow":["GET"]}}],"collection":[{"href":"https:\/\/baturina-homewear.com\/de\/wp-json\/wp\/v2\/product"}],"about":[{"href":"https:\/\/baturina-homewear.com\/de\/wp-json\/wp\/v2\/types\/product"}],"replies":[{"embeddable":true,"href":"https:\/\/baturina-homewear.com\/de\/wp-json\/wp\/v2\/comments?post=34585"}],"version-history":[{"count":5,"href":"https:\/\/baturina-homewear.com\/de\/wp-json\/wp\/v2\/product\/34585\/revisions"}],"predecessor-version":[{"id":73266,"href":"https:\/\/baturina-homewear.com\/de\/wp-json\/wp\/v2\/product\/34585\/revisions\/73266"}],"wp:featuredmedia":[{"embeddable":true,"href":"https:\/\/baturina-homewear.com\/de\/wp-json\/wp\/v2\/media\/34213"}],"wp:attachment":[{"href":"https:\/\/baturina-homewear.com\/de\/wp-json\/wp\/v2\/media?parent=34585"}],"wp:term":[{"taxonomy":"product_brand","embeddable":true,"href":"https:\/\/baturina-homewear.com\/de\/wp-json\/wp\/v2\/product_brand?post=34585"},{"taxonomy":"product_cat","embeddable":true,"href":"https:\/\/baturina-homewear.com\/de\/wp-json\/wp\/v2\/product_cat?post=34585"},{"taxonomy":"product_tag","embeddable":true,"href":"https:\/\/baturina-homewear.com\/de\/wp-json\/wp\/v2\/product_tag?post=34585"}],"curies":[{"name":"wp","href":"https:\/\/api.w.org\/{rel}","templated":true}]}}