{"id":35632,"date":"2022-10-06T18:36:00","date_gmt":"2022-10-06T16:36:00","guid":{"rendered":"https:\/\/baturina-homewear.com\/product\/herren-bademantel-olivgruener-samt\/"},"modified":"2024-11-25T18:24:26","modified_gmt":"2024-11-25T17:24:26","slug":"herren-bademantel-oliv-grun-samt","status":"publish","type":"product","link":"https:\/\/baturina-homewear.com\/de\/produkt\/herren-bademantel-oliv-grun-samt\/","title":{"rendered":"Herren Bademantel Olivgr\u00fcner Samt"},"content":{"rendered":"<p>Unsere Badem\u00e4ntel sind aus wasserabsorbierenden, schnell trocknenden Stoffen gefertigt und f\u00fcr Komfort und m\u00fchelosen Stil Design. Dieser Bademantel ist aus einem weichen Chenille-Baumwollsamt gefertigt und w\u00e4rmt ein wenig. Es hat eine gewebte Innenseite, w\u00e4hrend die Au\u00dfenseite sehr weich ist. Kragen, Tasche und Manschetten sind mit gold-schwarz gestreiften Paspel<br \/>\n versehen. Er ist so bequem, dass man ihn gar nicht mehr ausziehen m\u00f6chte! Unsere Badem\u00e4ntel sind \u00e4hnlich wie unsere anderen Morgenm\u00e4ntel, und Sie k\u00f6nnen sie sogar tags\u00fcber tragen. Einfach mit dem langen G\u00fcrtel befestigen.<\/p>\n<p>Schalkragen<br \/>\nzwei tiefe Seitentaschen<br \/>\nverstellbare Umschlagmanschetten<br \/>\nbequeme, lockere Passform<br \/>\ndiskrete Aufh\u00e4ngeschlaufe am R\u00fccken<br \/>\nlanger G\u00fcrtel<br \/>\nL\u00e4nge des Morgenmantels: 125 cm (49 3\/16 in)<br \/>\nMaterial und Pflege: 100% Baumwolle. Maschinenw\u00e4sche bei 30\u00b0C, nicht im Trockner trocknen, bei niedriger Hitze b\u00fcgeln.<\/p>\n<p>Das Model ist 180 cm gro\u00df und tr\u00e4gt die Gr\u00f6\u00dfe M.<\/p>\n","protected":false},"excerpt":{"rendered":"<p>Unsere Badem\u00e4ntel sind aus wasserabsorbierenden, schnell trocknenden Stoffen gefertigt und f\u00fcr Komfort und m\u00fchelosen Stil Design. Dieser Bademantel ist aus<\/p>\n","protected":false},"featured_media":35630,"comment_status":"open","ping_status":"closed","template":"","meta":[],"product_brand":[],"product_cat":[662],"product_tag":[],"class_list":{"0":"post-35632","1":"product","2":"type-product","3":"status-publish","4":"has-post-thumbnail","6":"product_cat-bademantel","7":"pa_color-green-de","8":"pa_color-swatch-olivgrun","9":"pa_fabric-content-cotton-de","10":"pa_fabric-weave-type-chenille-de","11":"pa_fabric-weave-type-samt","12":"pa_fabric-weight-regular-de","13":"pa_pattern-einfarbig","14":"pa_size-2xl-de","15":"pa_size-3xl-de","16":"pa_size-4xl-de","17":"pa_size-5xl-de","18":"pa_size-l-de","19":"pa_size-m-de","20":"pa_size-massanfertigung","21":"pa_size-s-de","22":"pa_size-xl-de","23":"pa_size-xs-de","25":"first","26":"outofstock","27":"taxable","28":"shipping-taxable","29":"purchasable","30":"product-type-simple"},"_links":{"self":[{"href":"https:\/\/baturina-homewear.com\/de\/wp-json\/wp\/v2\/product\/35632","targetHints":{"allow":["GET"]}}],"collection":[{"href":"https:\/\/baturina-homewear.com\/de\/wp-json\/wp\/v2\/product"}],"about":[{"href":"https:\/\/baturina-homewear.com\/de\/wp-json\/wp\/v2\/types\/product"}],"replies":[{"embeddable":true,"href":"https:\/\/baturina-homewear.com\/de\/wp-json\/wp\/v2\/comments?post=35632"}],"version-history":[{"count":2,"href":"https:\/\/baturina-homewear.com\/de\/wp-json\/wp\/v2\/product\/35632\/revisions"}],"predecessor-version":[{"id":63521,"href":"https:\/\/baturina-homewear.com\/de\/wp-json\/wp\/v2\/product\/35632\/revisions\/63521"}],"wp:featuredmedia":[{"embeddable":true,"href":"https:\/\/baturina-homewear.com\/de\/wp-json\/wp\/v2\/media\/35630"}],"wp:attachment":[{"href":"https:\/\/baturina-homewear.com\/de\/wp-json\/wp\/v2\/media?parent=35632"}],"wp:term":[{"taxonomy":"product_brand","embeddable":true,"href":"https:\/\/baturina-homewear.com\/de\/wp-json\/wp\/v2\/product_brand?post=35632"},{"taxonomy":"product_cat","embeddable":true,"href":"https:\/\/baturina-homewear.com\/de\/wp-json\/wp\/v2\/product_cat?post=35632"},{"taxonomy":"product_tag","embeddable":true,"href":"https:\/\/baturina-homewear.com\/de\/wp-json\/wp\/v2\/product_tag?post=35632"}],"curies":[{"name":"wp","href":"https:\/\/api.w.org\/{rel}","templated":true}]}}