{"id":62391,"date":"2024-11-08T16:17:20","date_gmt":"2024-11-08T15:17:20","guid":{"rendered":"https:\/\/baturina-homewear.com\/product\/herren-morgenmantel-lemon-cotton-fleece\/"},"modified":"2025-12-01T19:26:13","modified_gmt":"2025-12-01T18:26:13","slug":"herren-morgenmantel-lemon-cotton-fleece","status":"publish","type":"product","link":"https:\/\/baturina-homewear.com\/de\/produkt\/herren-morgenmantel-lemon-cotton-fleece\/","title":{"rendered":"Herren Morgenmantel Lemon Cotton Fleece"},"content":{"rendered":"<p>Bringen Sie mit diesem Morgenmantel mit Zitronenmotiv ein bisschen Sonne in Ihre morgendliche Routine! Der mit Fleece gef\u00fctterte Morgenmantel zeigt ein leuchtend gelbes Design mit frischen Zitronenscheiben, die einen verspielten, lebendigen Touch verleihen. Der weiche und warme Morgenmantel eignet sich ideal f\u00fcr kuschelige Abende und k\u00fchle Morgenstunden und bietet mit seiner pl\u00fcschigen Fleece-Innenseite ultimativen Komfort. Der Schalkragen, der G\u00fcrtel zum Binden und die gro\u00dfz\u00fcgigen Taschen auf der Vorderseite machen ihn ebenso funktional wie witzig.   <\/p>\n<ul>\n<li>weich und pl\u00fcschig<\/li>\n<li>sehr warm<\/li>\n<li>Schalkragen<\/li>\n<li>Brusttasche<\/li>\n<li>zwei tiefe Seitentaschen<\/li>\n<li>bequeme, lockere Passform<\/li>\n<li>diskrete Aufh\u00e4ngeschlaufe auf der R\u00fcckseite<\/li>\n<li>langer G\u00fcrtel<\/li>\n<li>Anti-Pilling-Vlies<\/li>\n<\/ul>\n<p>Material und Pflege: 100% Polyester. Maschinenw\u00e4sche bei 30\u00b0C, nicht im Trockner trocknen, bei niedriger Hitze b\u00fcgeln. <\/p>\n","protected":false},"excerpt":{"rendered":"<p>Bringen Sie mit diesem Morgenmantel mit Zitronenmotiv ein bisschen Sonne in Ihre morgendliche Routine! Der mit Fleece gef\u00fctterte Morgenmantel zeigt<\/p>\n","protected":false},"featured_media":62386,"comment_status":"open","ping_status":"closed","template":"","meta":[],"product_brand":[],"product_cat":[899,662,463,491,994],"product_tag":[464,768],"class_list":{"0":"post-62391","1":"product","2":"type-product","3":"status-publish","4":"has-post-thumbnail","6":"product_cat-limited-edition-de","7":"product_cat-bademantel","8":"product_cat-herren-hausmantel","9":"product_cat-morgenmaentel","10":"product_cat-warme-mantel","11":"product_tag-custom-size-de","12":"product_tag-monogram-de","13":"product_shipping_class-auf-bestellung","14":"pa_color-gold-de","15":"pa_fabric-content-polyester-viscose-mix-de","16":"pa_fabric-weave-type-fleece-de","17":"pa_fabric-weight-leicht-warm","18":"pa_product-type-limited-edition-de","19":"pa_size-2xl-de","20":"pa_size-3xl-de","21":"pa_size-4xl-de","22":"pa_size-5xl-de","23":"pa_size-l-de","24":"pa_size-m-de","25":"pa_size-massanfertigung","26":"pa_size-s-de","27":"pa_size-xl-de","28":"pa_size-xs-de","30":"first","31":"instock","32":"featured","33":"taxable","34":"shipping-taxable","35":"purchasable","36":"product-type-simple"},"_links":{"self":[{"href":"https:\/\/baturina-homewear.com\/de\/wp-json\/wp\/v2\/product\/62391","targetHints":{"allow":["GET"]}}],"collection":[{"href":"https:\/\/baturina-homewear.com\/de\/wp-json\/wp\/v2\/product"}],"about":[{"href":"https:\/\/baturina-homewear.com\/de\/wp-json\/wp\/v2\/types\/product"}],"replies":[{"embeddable":true,"href":"https:\/\/baturina-homewear.com\/de\/wp-json\/wp\/v2\/comments?post=62391"}],"version-history":[{"count":4,"href":"https:\/\/baturina-homewear.com\/de\/wp-json\/wp\/v2\/product\/62391\/revisions"}],"predecessor-version":[{"id":73553,"href":"https:\/\/baturina-homewear.com\/de\/wp-json\/wp\/v2\/product\/62391\/revisions\/73553"}],"wp:featuredmedia":[{"embeddable":true,"href":"https:\/\/baturina-homewear.com\/de\/wp-json\/wp\/v2\/media\/62386"}],"wp:attachment":[{"href":"https:\/\/baturina-homewear.com\/de\/wp-json\/wp\/v2\/media?parent=62391"}],"wp:term":[{"taxonomy":"product_brand","embeddable":true,"href":"https:\/\/baturina-homewear.com\/de\/wp-json\/wp\/v2\/product_brand?post=62391"},{"taxonomy":"product_cat","embeddable":true,"href":"https:\/\/baturina-homewear.com\/de\/wp-json\/wp\/v2\/product_cat?post=62391"},{"taxonomy":"product_tag","embeddable":true,"href":"https:\/\/baturina-homewear.com\/de\/wp-json\/wp\/v2\/product_tag?post=62391"}],"curies":[{"name":"wp","href":"https:\/\/api.w.org\/{rel}","templated":true}]}}