{"id":70758,"date":"2025-05-16T19:12:37","date_gmt":"2025-05-16T17:12:37","guid":{"rendered":"https:\/\/baturina-homewear.com\/?post_type=product&#038;p=70758"},"modified":"2026-03-03T19:14:03","modified_gmt":"2026-03-03T18:14:03","slug":"herren-hausmantel-seegruner-baumwolljacquard-und-samt-mit-silbernen-paspeln-copy","status":"publish","type":"product","link":"https:\/\/baturina-homewear.com\/de\/produkt\/herren-hausmantel-seegruner-baumwolljacquard-und-samt-mit-silbernen-paspeln-copy\/","title":{"rendered":"Damen Hausmantel Salbei Gr\u00fcn Baumwolle"},"content":{"rendered":"<p>Entdecken Sie Eleganz in diesem leichten und kuscheligen Sommer Morgenmantel aus Jacquard und Baumwollsamt. Der Baumwolljacquard mit seinem feinen, gestrichelten Webmuster ist strapazierf\u00e4hig und angenehm zu tragen, w\u00e4hrend die pl\u00fcschigen Samtdetails Sie in Luxus h\u00fcllen. Mit kontrastierenden silberfarbenen Paspeln verziert.  Einfach mit dem langen G\u00fcrtel befestigen.<\/p>\n<p><strong>Design-Merkmale:<\/strong><\/p>\n<ul>\n<li>Schalkragen<\/li>\n<li>ungef\u00fcttert<\/li>\n<li>Brusttasche<\/li>\n<li>Bietet Seitentaschen<\/li>\n<li>diskrete Aufh\u00e4ngeschlaufe<\/li>\n<li>Umschlagmanschetten<\/li>\n<li>mit Paspeln eingefasst<\/li>\n<li>langer G\u00fcrtel<\/li>\n<li>L\u00e4nge des Morgenmantels (abgebildet): 135 cm (53 in)<\/li>\n<\/ul>\n<p><strong>Materialien und Pflege:<\/strong><\/p>\n<ul>\n<li>100% Baumwolle<\/li>\n<li>geringes Gewicht<\/li>\n<li>Maschinenw\u00e4sche bei 30\u00b0C (86\u00b0F), nicht im Trockner trocknen, bei geringer Hitze b\u00fcgeln.<\/li>\n<\/ul>\n","protected":false},"excerpt":{"rendered":"<p>Entdecken Sie Eleganz in diesem leichten und kuscheligen Sommer Morgenmantel aus Jacquard und Baumwollsamt.<\/p>\n","protected":false},"featured_media":70674,"comment_status":"closed","ping_status":"closed","template":"","meta":[],"product_brand":[],"product_cat":[728,759,899,1152],"product_tag":[731,768],"class_list":{"0":"post-70758","1":"product","2":"type-product","3":"status-publish","4":"has-post-thumbnail","6":"product_cat-damen-morgenmantel","7":"product_cat-damen-hausmantel","8":"product_cat-limited-edition-de","9":"product_cat-sommer-morgenmantel","10":"product_tag-custom-size-damen","11":"product_tag-monogram-de","12":"product_shipping_class-auf-bestellung","13":"pa_color-green-de","14":"pa_fabric-content-cotton-de","15":"pa_fabric-weave-type-jacquard-de","16":"pa_fabric-weight-lightweight-de","17":"pa_pattern-abstrakt","18":"pa_size-2xl-de","19":"pa_size-3xl-de","20":"pa_size-4xl-de","21":"pa_size-5xl-de","22":"pa_size-l-de","23":"pa_size-m-de","24":"pa_size-massanfertigung","25":"pa_size-s-de","26":"pa_size-xl-de","27":"pa_size-xs-de","28":"pa_style-klassisch","30":"first","31":"instock","32":"taxable","33":"shipping-taxable","34":"purchasable","35":"product-type-simple"},"_links":{"self":[{"href":"https:\/\/baturina-homewear.com\/de\/wp-json\/wp\/v2\/product\/70758","targetHints":{"allow":["GET"]}}],"collection":[{"href":"https:\/\/baturina-homewear.com\/de\/wp-json\/wp\/v2\/product"}],"about":[{"href":"https:\/\/baturina-homewear.com\/de\/wp-json\/wp\/v2\/types\/product"}],"replies":[{"embeddable":true,"href":"https:\/\/baturina-homewear.com\/de\/wp-json\/wp\/v2\/comments?post=70758"}],"version-history":[{"count":6,"href":"https:\/\/baturina-homewear.com\/de\/wp-json\/wp\/v2\/product\/70758\/revisions"}],"predecessor-version":[{"id":79453,"href":"https:\/\/baturina-homewear.com\/de\/wp-json\/wp\/v2\/product\/70758\/revisions\/79453"}],"wp:featuredmedia":[{"embeddable":true,"href":"https:\/\/baturina-homewear.com\/de\/wp-json\/wp\/v2\/media\/70674"}],"wp:attachment":[{"href":"https:\/\/baturina-homewear.com\/de\/wp-json\/wp\/v2\/media?parent=70758"}],"wp:term":[{"taxonomy":"product_brand","embeddable":true,"href":"https:\/\/baturina-homewear.com\/de\/wp-json\/wp\/v2\/product_brand?post=70758"},{"taxonomy":"product_cat","embeddable":true,"href":"https:\/\/baturina-homewear.com\/de\/wp-json\/wp\/v2\/product_cat?post=70758"},{"taxonomy":"product_tag","embeddable":true,"href":"https:\/\/baturina-homewear.com\/de\/wp-json\/wp\/v2\/product_tag?post=70758"}],"curies":[{"name":"wp","href":"https:\/\/api.w.org\/{rel}","templated":true}]}}