{"id":78744,"date":"2026-01-29T14:25:38","date_gmt":"2026-01-29T13:25:38","guid":{"rendered":"https:\/\/baturina-homewear.com\/product\/dunkelbrauner-herren-hausmantel-aus-wolle\/"},"modified":"2026-03-24T14:02:05","modified_gmt":"2026-03-24T13:02:05","slug":"dunkelbrauner-herren-hausmantel-aus-wolle","status":"publish","type":"product","link":"https:\/\/baturina-homewear.com\/de\/produkt\/dunkelbrauner-herren-hausmantel-aus-wolle\/","title":{"rendered":"Dunkelbrauner Herren Hausmantel aus Wolle"},"content":{"rendered":"<p>Wenn Sie auf der Suche nach einem warmen Morgenmantel sind, den Sie bei k\u00fchlen Temperaturen im Haus tragen k\u00f6nnen, ist dieser Morgenmantel perfekt. Mit einem Besatz aus gleichem Stoff, der mit passenden dunkelbraunen Paspeln aus Kordel und Quasten versehen ist. Vollst\u00e4ndig mit Satin gef\u00fcttert. Alle unsere Designs werden individuell auf Bestellung in unserem Atelier angefertigt und jedes ist das Ergebnis stundenlanger handwerklicher Arbeit. Genie\u00dfen Sie Komfort und Stil in unseren Herren Morgenm\u00e4nteln, Pyjama Sets und Accessoires, hergestellt in Hamburg, Deutschland. <\/p>\n<p>Das gef\u00fctterte Futter aus Satin ist nicht nur luxuri\u00f6s, sondern auch \u00e4u\u00dferst praktisch &#8211; so k\u00f6nnen Sie m\u00fchelos in Ihren Morgenmantel schl\u00fcpfen, auch \u00fcber Hemden oder Loungewear. Der Mantel aus OEKO-TEX\u00ae zertifiziertem Polyester ist besonders strapazierf\u00e4hig und so konzipiert, dass er regelm\u00e4\u00dfigem Tragen standh\u00e4lt, ohne sein elegantes Finish zu verlieren. <\/p>\n<p>Dieser Morgenmantel eignet sich perfekt zum Entspannen zu Hause, zum Lesen vor dem Kamin oder zum gem\u00fctlichen Morgenkaffee, denn er h\u00e4lt Sie auch bei k\u00fchlen Temperaturen kuschelig und stilvoll. Erh\u00f6hen Sie Ihren Lebensstil zu Hause mit einem Kleidungsst\u00fcck, das \u00fcberragenden Komfort, Eleganz und Zweckm\u00e4\u00dfigkeit vereint.<\/p>\n<p><strong>Einzelheiten:<\/strong><\/p>\n<ul>\n<li>Schalkragen<\/li>\n<li>Brusttasche<\/li>\n<li>zwei tiefe Seitentaschen<\/li>\n<li>verstellbare Umschlagmanschetten<\/li>\n<li>bequeme, lockere Passform<\/li>\n<li>diskrete Aufh\u00e4ngeschlaufe auf der R\u00fcckseite<\/li>\n<li>langer G\u00fcrtel<\/li>\n<li>inneres Befestigungsband<\/li>\n<\/ul>\n<p><strong>Materialien und Pflege:<\/strong><\/p>\n<ul>\n<li>Au\u00dfen: 100% Wool Flannel, gef\u00e4rbt.<\/li>\n<li>Innen: 100% Polyester, OEKO-TEX\u00ae Standard 100 zertifiziert<\/li>\n<li>Nur professionelle chemische Reinigung<\/li>\n<\/ul>\n","protected":false},"excerpt":{"rendered":"<p>Schl\u00fcpfen Sie einfach in diesen warmen und eleganten Morgenmantel f\u00fcr Ihre privaten Stunden. Schwerer, dicker und extra warmer Morgenmantel aus Wollflanell in dunklem Schokoladenbraun. <\/p>\n","protected":false},"featured_media":78771,"comment_status":"closed","ping_status":"closed","template":"","meta":[],"product_brand":[],"product_cat":[491,463,994,1211,981],"product_tag":[464,768],"class_list":{"0":"post-78744","1":"product","2":"type-product","3":"status-publish","4":"has-post-thumbnail","6":"product_cat-morgenmaentel","7":"product_cat-herren-hausmantel","8":"product_cat-warme-mantel","9":"product_cat-winter-lounge","10":"product_cat-wolle-bademantel","11":"product_tag-custom-size-de","12":"product_tag-monogram-de","13":"product_shipping_class-auf-bestellung","14":"pa_color-braun","15":"pa_fabric-content-wolle","16":"pa_size-2xl-de","17":"pa_size-3xl-de","18":"pa_size-4xl-de","19":"pa_size-5xl-de","20":"pa_size-9-10-jahre","21":"pa_size-l-de","22":"pa_size-m-de","23":"pa_size-massanfertigung","24":"pa_size-one-size-de","25":"pa_size-s-de","26":"pa_size-xl-de","27":"pa_size-xs-de","29":"first","30":"instock","31":"taxable","32":"shipping-taxable","33":"purchasable","34":"product-type-simple"},"_links":{"self":[{"href":"https:\/\/baturina-homewear.com\/de\/wp-json\/wp\/v2\/product\/78744","targetHints":{"allow":["GET"]}}],"collection":[{"href":"https:\/\/baturina-homewear.com\/de\/wp-json\/wp\/v2\/product"}],"about":[{"href":"https:\/\/baturina-homewear.com\/de\/wp-json\/wp\/v2\/types\/product"}],"replies":[{"embeddable":true,"href":"https:\/\/baturina-homewear.com\/de\/wp-json\/wp\/v2\/comments?post=78744"}],"version-history":[{"count":2,"href":"https:\/\/baturina-homewear.com\/de\/wp-json\/wp\/v2\/product\/78744\/revisions"}],"predecessor-version":[{"id":78857,"href":"https:\/\/baturina-homewear.com\/de\/wp-json\/wp\/v2\/product\/78744\/revisions\/78857"}],"wp:featuredmedia":[{"embeddable":true,"href":"https:\/\/baturina-homewear.com\/de\/wp-json\/wp\/v2\/media\/78771"}],"wp:attachment":[{"href":"https:\/\/baturina-homewear.com\/de\/wp-json\/wp\/v2\/media?parent=78744"}],"wp:term":[{"taxonomy":"product_brand","embeddable":true,"href":"https:\/\/baturina-homewear.com\/de\/wp-json\/wp\/v2\/product_brand?post=78744"},{"taxonomy":"product_cat","embeddable":true,"href":"https:\/\/baturina-homewear.com\/de\/wp-json\/wp\/v2\/product_cat?post=78744"},{"taxonomy":"product_tag","embeddable":true,"href":"https:\/\/baturina-homewear.com\/de\/wp-json\/wp\/v2\/product_tag?post=78744"}],"curies":[{"name":"wp","href":"https:\/\/api.w.org\/{rel}","templated":true}]}}